{"id":59,"date":"2023-05-30T14:20:10","date_gmt":"2023-05-30T13:20:10","guid":{"rendered":"https:\/\/ief-cemac.org\/wpief\/?page_id=59"},"modified":"2023-05-30T14:20:10","modified_gmt":"2023-05-30T13:20:10","slug":"stage","status":"publish","type":"page","link":"https:\/\/ief-cemac.org\/wpief\/index.php\/stage\/","title":{"rendered":"Stage"},"content":{"rendered":"\n<p>Le stage d&rsquo;insertion professionnelle constitue l&rsquo;une des pi\u00e8ces ma\u00eetresses du processus p\u00e9dagogique. Il s&rsquo;agit de placer l&rsquo;\u00e9l\u00e8ve en situation d&rsquo;apprentissage dans les conditions de vie professionnelle, en lui faisant r\u00e9aliser un travail pr\u00e9cis de longue dur\u00e9e (projet).<\/p>\n\n\n\n<h2 class=\"wp-block-heading\"><strong>Objectif<\/strong><\/h2>\n\n\n\n<p>Cette phase essentielle du cursus est :<\/p>\n\n\n\n<ul class=\"wp-block-list\">\n<li>un moyen de concr\u00e9tiser l&rsquo;ensemble des connaissances et d&rsquo;appliquer l&rsquo;ensemble des techniques acquises \u00e0 l&rsquo;Institut<\/li>\n\n\n\n<li>une p\u00e9riode probatoire d&rsquo;adaptation au poste d&rsquo;affectation \u00e9ventuel<\/li>\n\n\n\n<li>un test de la capacit\u00e9 de l&rsquo;\u00e9l\u00e8ve \u00e0 traiter un probl\u00e8me pratique correspondant \u00e0 sa sp\u00e9cialit\u00e9 et \u00e0 pr\u00e9senter, par \u00e9crit et par oral, les r\u00e9sultats de son travail<\/li>\n\n\n\n<li>le fruit d&rsquo;un choix d\u00e9lib\u00e9r\u00e9 de l&rsquo;\u00e9l\u00e8ve<\/li>\n\n\n\n<li>li\u00e9e \u00e0 la sp\u00e9cialisation choisie<\/li>\n<\/ul>\n\n\n\n<p>Tout au long du stage, l&rsquo;\u00e9l\u00e8ve b\u00e9n\u00e9ficie d&rsquo;un suivi individuel de la part d&rsquo;encadreurs de l&rsquo;organisme d&rsquo;accueil et de l&rsquo;Institut. Le stage d\u00e9bouche directement sur la vie professionnelle.<\/p>\n\n\n\n<h2 class=\"wp-block-heading\"><strong>Dur\u00e9e<\/strong><\/h2>\n\n\n\n<p>6 mois<\/p>\n\n\n\n<h2 class=\"wp-block-heading\"><strong>D\u00e9roulement du stage<\/strong><\/h2>\n\n\n\n<p>L&rsquo;institut re\u00e7oit, pour chaque fili\u00e8re, des th\u00e8mes de stage propos\u00e9s par les administrations. Ces th\u00e8mes sont g\u00e9n\u00e9ralement des probl\u00e8mes auxquelles ces administrations sont confront\u00e9es et qu&rsquo;elles souhaiteraient voir r\u00e9soudre par les \u00e9l\u00e8ves. Le choix des th\u00e8mes de stage est effectu\u00e9 par les \u00e9l\u00e8ves dans l&rsquo;ordre de classement \u00e9tabli par la direction des \u00e9tudes sur la base des r\u00e9sultats des cycles pr\u00e9c\u00e9dents.<\/p>\n\n\n\n<p>La p\u00e9riode de stage est organis\u00e9e en trois phases. A la fin de chacune d&rsquo;elles, les \u00e9l\u00e8ves devront r\u00e9aliser diff\u00e9rents travaux (documents \u00e9crits, expos\u00e9s oraux) qui seront soumis \u00e0 l&rsquo;\u00e9valuation d&rsquo;un jury.<\/p>\n\n\n\n<ul class=\"wp-block-list\">\n<li>Phase 1: Projet de stage.<\/li>\n\n\n\n<li>Phase 2: Projet de rapport.<\/li>\n\n\n\n<li>Phase 3: Rapport de stage.<\/li>\n<\/ul>\n","protected":false},"excerpt":{"rendered":"<p>Le stage d&rsquo;insertion professionnelle constitue l&rsquo;une des pi\u00e8ces ma\u00eetresses du processus p\u00e9dagogique. Il s&rsquo;agit de placer l&rsquo;\u00e9l\u00e8ve en situation d&rsquo;apprentissage dans les conditions de vie professionnelle, en lui faisant r\u00e9aliser un travail pr\u00e9cis de longue dur\u00e9e (projet). Objectif Cette phase essentielle du cursus est : Tout au long du stage, l&rsquo;\u00e9l\u00e8ve b\u00e9n\u00e9ficie d&rsquo;un suivi individuel [&hellip;]<\/p>\n","protected":false},"author":1,"featured_media":0,"parent":0,"menu_order":0,"comment_status":"closed","ping_status":"closed","template":"templates\/template-full-width.php","meta":{"footnotes":""},"class_list":["post-59","page","type-page","status-publish","hentry"],"_links":{"self":[{"href":"https:\/\/ief-cemac.org\/wpief\/index.php\/wp-json\/wp\/v2\/pages\/59","targetHints":{"allow":["GET"]}}],"collection":[{"href":"https:\/\/ief-cemac.org\/wpief\/index.php\/wp-json\/wp\/v2\/pages"}],"about":[{"href":"https:\/\/ief-cemac.org\/wpief\/index.php\/wp-json\/wp\/v2\/types\/page"}],"author":[{"embeddable":true,"href":"https:\/\/ief-cemac.org\/wpief\/index.php\/wp-json\/wp\/v2\/users\/1"}],"replies":[{"embeddable":true,"href":"https:\/\/ief-cemac.org\/wpief\/index.php\/wp-json\/wp\/v2\/comments?post=59"}],"version-history":[{"count":1,"href":"https:\/\/ief-cemac.org\/wpief\/index.php\/wp-json\/wp\/v2\/pages\/59\/revisions"}],"predecessor-version":[{"id":60,"href":"https:\/\/ief-cemac.org\/wpief\/index.php\/wp-json\/wp\/v2\/pages\/59\/revisions\/60"}],"wp:attachment":[{"href":"https:\/\/ief-cemac.org\/wpief\/index.php\/wp-json\/wp\/v2\/media?parent=59"}],"curies":[{"name":"wp","href":"https:\/\/api.w.org\/{rel}","templated":true}]}}