{"id":57,"date":"2023-05-30T14:19:46","date_gmt":"2023-05-30T13:19:46","guid":{"rendered":"https:\/\/ief-cemac.org\/wpief\/?page_id=57"},"modified":"2023-05-30T14:19:46","modified_gmt":"2023-05-30T13:19:46","slug":"specialisation","status":"publish","type":"page","link":"https:\/\/ief-cemac.org\/wpief\/index.php\/specialisation\/","title":{"rendered":"Sp\u00e9cialisation"},"content":{"rendered":"\n<p>La sp\u00e9cialisation est le second cycle de formation \u00e0 l&rsquo;Institut de l&rsquo;Economie et des Finances. Quatre fili\u00e8res de sp\u00e9cialisations sont propos\u00e9es&nbsp;:<\/p>\n\n\n\n<ul class=\"wp-block-list\">\n<li><strong>Administration \u00e9conomique et financi\u00e8re (AEF)<\/strong><\/li>\n\n\n\n<li><strong>Douanes<\/strong><\/li>\n\n\n\n<li><strong>Imp\u00f4ts<\/strong><\/li>\n\n\n\n<li><strong>Tr\u00e9sor<\/strong><\/li>\n<\/ul>\n\n\n\n<h2 class=\"wp-block-heading\"><strong>Syst\u00e8me d&rsquo;\u00e9valuation<\/strong><\/h2>\n\n\n\n<p>Chaque \u00e9l\u00e8ve doit obtenir une note globale au moins \u00e9gale \u00e0 10\/20 pour poursuivre sa scolarit\u00e9 au sein de l&rsquo;institut et effectuer son stage d&rsquo;insertion professionnelle. L&rsquo;\u00e9valuation de ce cycle comprend&nbsp;:<\/p>\n\n\n\n<ul class=\"wp-block-list\">\n<li><strong>la moyenne des notes des contr\u00f4les continus,<\/strong><\/li>\n\n\n\n<li><strong>la note du contr\u00f4le final organis\u00e9 \u00e0 la fin du cycle de sp\u00e9cialisation et comprenant trois \u00e9preuves&nbsp;:<\/strong>\n<ul class=\"wp-block-list\">\n<li>un QCM portant sur l&rsquo;ensemble des enseignements et conf\u00e9rences,<\/li>\n\n\n\n<li>la constitution d&rsquo;un dossier sur une question tir\u00e9e au sort, portant sur un th\u00e8me trait\u00e9 au cours des enseignements,<\/li>\n\n\n\n<li>la pr\u00e9sentation orale de ce dossier devant un jury.<\/li>\n<\/ul>\n<\/li>\n<\/ul>\n\n\n\n<p>La note du cycle de sp\u00e9cialisation est ajout\u00e9e \u00e0 celle du cycle d&rsquo;\u00e9tude pr\u00e9c\u00e9dent (TCH) pour fournir une note globale. Chaque \u00e9l\u00e8ve doit obtenir une note globale au moins \u00e9gale \u00e0 10\/20 pour poursuivre sa scolarit\u00e9 au sein de l&rsquo;institut et effectuer son stage d&rsquo;insertion professionnelle.<\/p>\n","protected":false},"excerpt":{"rendered":"<p>La sp\u00e9cialisation est le second cycle de formation \u00e0 l&rsquo;Institut de l&rsquo;Economie et des Finances. Quatre fili\u00e8res de sp\u00e9cialisations sont propos\u00e9es&nbsp;: Syst\u00e8me d&rsquo;\u00e9valuation Chaque \u00e9l\u00e8ve doit obtenir une note globale au moins \u00e9gale \u00e0 10\/20 pour poursuivre sa scolarit\u00e9 au sein de l&rsquo;institut et effectuer son stage d&rsquo;insertion professionnelle. L&rsquo;\u00e9valuation de ce cycle comprend&nbsp;: La [&hellip;]<\/p>\n","protected":false},"author":1,"featured_media":0,"parent":0,"menu_order":0,"comment_status":"closed","ping_status":"closed","template":"templates\/template-full-width.php","meta":{"footnotes":""},"class_list":["post-57","page","type-page","status-publish","hentry"],"_links":{"self":[{"href":"https:\/\/ief-cemac.org\/wpief\/index.php\/wp-json\/wp\/v2\/pages\/57","targetHints":{"allow":["GET"]}}],"collection":[{"href":"https:\/\/ief-cemac.org\/wpief\/index.php\/wp-json\/wp\/v2\/pages"}],"about":[{"href":"https:\/\/ief-cemac.org\/wpief\/index.php\/wp-json\/wp\/v2\/types\/page"}],"author":[{"embeddable":true,"href":"https:\/\/ief-cemac.org\/wpief\/index.php\/wp-json\/wp\/v2\/users\/1"}],"replies":[{"embeddable":true,"href":"https:\/\/ief-cemac.org\/wpief\/index.php\/wp-json\/wp\/v2\/comments?post=57"}],"version-history":[{"count":1,"href":"https:\/\/ief-cemac.org\/wpief\/index.php\/wp-json\/wp\/v2\/pages\/57\/revisions"}],"predecessor-version":[{"id":58,"href":"https:\/\/ief-cemac.org\/wpief\/index.php\/wp-json\/wp\/v2\/pages\/57\/revisions\/58"}],"wp:attachment":[{"href":"https:\/\/ief-cemac.org\/wpief\/index.php\/wp-json\/wp\/v2\/media?parent=57"}],"curies":[{"name":"wp","href":"https:\/\/api.w.org\/{rel}","templated":true}]}}