{"id":45,"date":"2023-05-30T14:15:12","date_gmt":"2023-05-30T13:15:12","guid":{"rendered":"https:\/\/ief-cemac.org\/wpief\/?page_id=45"},"modified":"2023-05-30T14:15:12","modified_gmt":"2023-05-30T13:15:12","slug":"gouvernance","status":"publish","type":"page","link":"https:\/\/ief-cemac.org\/wpief\/index.php\/gouvernance\/","title":{"rendered":"Gouvernance"},"content":{"rendered":"\n<h2 class=\"wp-block-heading\">Conf\u00e9rence des Chefs d\u2019Etat de la CEMAC<\/h2>\n\n\n\n<p>La conf\u00e9rence des Chefs d\u2019Etat est l\u2019organe supr\u00eame de l\u2019IEF-P\u00f4le R\u00e9gional. Elle fonctionne conform\u00e9ment aux dispositions de l\u2019article 62 de la convention de l\u2019UEAC.<\/p>\n\n\n\n<h2 class=\"wp-block-heading\">Le Conseil des ministres<\/h2>\n\n\n\n<p>Le Conseil des Ministres est l\u2019organe de d\u00e9cision de l\u2019IEF- P\u00f4le R\u00e9gional. Il est r\u00e9git par les dispositions des articles 8 \u00e0 11 de l\u2019Additif au Trait\u00e9 relatif au syst\u00e8me Institutionnel et juridique de la Communaut\u00e9 et le r\u00e8glement N\u00b011\/991UEAC-025-CM-02 portant r\u00e8gles d\u2019organisation et de fonctionnement du Conseil des ministres.<\/p>\n\n\n\n<h2 class=\"wp-block-heading\">Le Conseil d\u2019administration<\/h2>\n\n\n\n<p>Le Conseil d\u2019administration est l\u2019instance statutaire de direction et d\u2019orientation de l\u2019IEF \u2013 P\u00f4le R\u00e9gional. Il a les pouvoirs d\u2019administration les plus \u00e9tendus. Il est pr\u00e9sid\u00e9 pour une ann\u00e9e civile par le Secr\u00e9taire G\u00e9n\u00e9ral du Minist\u00e8re en Charge des Finances de l\u2019Etat membre qui exerce la Pr\u00e9sidence de la Conf\u00e9rence des Chefs d\u2019Etat de la CEMAC. Il est compos\u00e9 du&nbsp;:<\/p>\n","protected":false},"excerpt":{"rendered":"<p>Conf\u00e9rence des Chefs d\u2019Etat de la CEMAC La conf\u00e9rence des Chefs d\u2019Etat est l\u2019organe supr\u00eame de l\u2019IEF-P\u00f4le R\u00e9gional. Elle fonctionne conform\u00e9ment aux dispositions de l\u2019article 62 de la convention de l\u2019UEAC. Le Conseil des ministres Le Conseil des Ministres est l\u2019organe de d\u00e9cision de l\u2019IEF- P\u00f4le R\u00e9gional. Il est r\u00e9git par les dispositions des articles [&hellip;]<\/p>\n","protected":false},"author":1,"featured_media":0,"parent":0,"menu_order":0,"comment_status":"closed","ping_status":"closed","template":"templates\/template-full-width.php","meta":{"footnotes":""},"class_list":["post-45","page","type-page","status-publish","hentry"],"_links":{"self":[{"href":"https:\/\/ief-cemac.org\/wpief\/index.php\/wp-json\/wp\/v2\/pages\/45","targetHints":{"allow":["GET"]}}],"collection":[{"href":"https:\/\/ief-cemac.org\/wpief\/index.php\/wp-json\/wp\/v2\/pages"}],"about":[{"href":"https:\/\/ief-cemac.org\/wpief\/index.php\/wp-json\/wp\/v2\/types\/page"}],"author":[{"embeddable":true,"href":"https:\/\/ief-cemac.org\/wpief\/index.php\/wp-json\/wp\/v2\/users\/1"}],"replies":[{"embeddable":true,"href":"https:\/\/ief-cemac.org\/wpief\/index.php\/wp-json\/wp\/v2\/comments?post=45"}],"version-history":[{"count":1,"href":"https:\/\/ief-cemac.org\/wpief\/index.php\/wp-json\/wp\/v2\/pages\/45\/revisions"}],"predecessor-version":[{"id":46,"href":"https:\/\/ief-cemac.org\/wpief\/index.php\/wp-json\/wp\/v2\/pages\/45\/revisions\/46"}],"wp:attachment":[{"href":"https:\/\/ief-cemac.org\/wpief\/index.php\/wp-json\/wp\/v2\/media?parent=45"}],"curies":[{"name":"wp","href":"https:\/\/api.w.org\/{rel}","templated":true}]}}