{"id":356,"date":"2026-03-16T13:53:21","date_gmt":"2026-03-16T12:53:21","guid":{"rendered":"https:\/\/ief-cemac.org\/wpief\/?page_id=356"},"modified":"2026-03-18T13:30:34","modified_gmt":"2026-03-18T12:30:34","slug":"concours-cameroun-2026","status":"publish","type":"page","link":"https:\/\/ief-cemac.org\/wpief\/index.php\/concours-cameroun-2026\/","title":{"rendered":"Concours Cameroun 2026"},"content":{"rendered":"\n<p>Le Directeur G\u00e9n\u00e9ral de l\u2019Institut de l\u2019Economie et des Finances-P\u00f4le R\u00e9gional (<strong>IEF-PR<\/strong>) de formation des R\u00e9gies Financi\u00e8res de l&rsquo;Afrique centrale porte \u00e0 la connaissance des candidats originaires du <strong>Cameroun<\/strong> de l\u2019ouverture d\u2019un concours pour le recrutement des auditeurs au titre de la 9<sup>\u00e8me<\/sup> promotion. Le communiqu\u00e9 de presse est disponible sur le lien suivant&nbsp;:<\/p>\n\n\n\n<ul class=\"wp-block-list\">\n<li><a href=\"https:\/\/ief-cemac.org\/wpief\/wp-content\/uploads\/2026\/03\/Communique-de-presse-Cameroun.pdf\" data-type=\"attachment\" data-id=\"382\">Communiqu\u00e9 de presse<\/a><\/li>\n<\/ul>\n\n\n\n<p><\/p>\n","protected":false},"excerpt":{"rendered":"<p>Le Directeur G\u00e9n\u00e9ral de l\u2019Institut de l\u2019Economie et des Finances-P\u00f4le R\u00e9gional (IEF-PR) de formation des R\u00e9gies Financi\u00e8res de l&rsquo;Afrique centrale porte \u00e0 la connaissance des candidats originaires du Cameroun de l\u2019ouverture d\u2019un concours pour le recrutement des auditeurs au titre de la 9\u00e8me promotion. Le communiqu\u00e9 de presse est disponible sur le lien suivant&nbsp;:<\/p>\n","protected":false},"author":1,"featured_media":0,"parent":0,"menu_order":0,"comment_status":"closed","ping_status":"closed","template":"","meta":{"footnotes":""},"class_list":["post-356","page","type-page","status-publish","hentry"],"_links":{"self":[{"href":"https:\/\/ief-cemac.org\/wpief\/index.php\/wp-json\/wp\/v2\/pages\/356","targetHints":{"allow":["GET"]}}],"collection":[{"href":"https:\/\/ief-cemac.org\/wpief\/index.php\/wp-json\/wp\/v2\/pages"}],"about":[{"href":"https:\/\/ief-cemac.org\/wpief\/index.php\/wp-json\/wp\/v2\/types\/page"}],"author":[{"embeddable":true,"href":"https:\/\/ief-cemac.org\/wpief\/index.php\/wp-json\/wp\/v2\/users\/1"}],"replies":[{"embeddable":true,"href":"https:\/\/ief-cemac.org\/wpief\/index.php\/wp-json\/wp\/v2\/comments?post=356"}],"version-history":[{"count":9,"href":"https:\/\/ief-cemac.org\/wpief\/index.php\/wp-json\/wp\/v2\/pages\/356\/revisions"}],"predecessor-version":[{"id":446,"href":"https:\/\/ief-cemac.org\/wpief\/index.php\/wp-json\/wp\/v2\/pages\/356\/revisions\/446"}],"wp:attachment":[{"href":"https:\/\/ief-cemac.org\/wpief\/index.php\/wp-json\/wp\/v2\/media?parent=356"}],"curies":[{"name":"wp","href":"https:\/\/api.w.org\/{rel}","templated":true}]}}