{"id":122,"date":"2023-05-30T14:11:42","date_gmt":"2023-05-30T13:11:42","guid":{"rendered":"https:\/\/ief-cemac.org\/wpief\/?page_id=122"},"modified":"2023-05-30T14:11:42","modified_gmt":"2023-05-30T13:11:42","slug":"linstitut-2","status":"publish","type":"page","link":"https:\/\/ief-cemac.org\/wpief\/index.php\/linstitut-2\/","title":{"rendered":"L&rsquo;institut"},"content":{"rendered":"\n<h2 class=\"wp-block-heading\">Qui sommes nous ?<\/h2>\n\n\n\n<p>L\u2019IEF &#8211; P\u00f4le r\u00e9gional est une institution sp\u00e9cialis\u00e9e de la Communaut\u00e9 \u00c9conomique et Mon\u00e9taire de l\u2019Afrique Centrale (CEMAC), dans le domaine de la formation initiale et continue des personnels des administrations \u00e9conomiques et financi\u00e8res. Il a pour objectif de r\u00e9pondre aux besoins de performance et d\u2019efficacit\u00e9 de ces administrations par le renforcement des capacit\u00e9s et le renouvellement de leurs ressources humaines. La formation dispens\u00e9e \u00e0 l\u2019IEF-PR est ax\u00e9e sur les sp\u00e9cialit\u00e9s suivantes :<\/p>\n\n\n\n<ul class=\"wp-block-list\">\n<li>Administration \u00e9conomique et financi\u00e8re<\/li>\n\n\n\n<li>Douanes<\/li>\n\n\n\n<li>Imp\u00f4ts<\/li>\n\n\n\n<li>Tr\u00e9sor<\/li>\n<\/ul>\n\n\n\n<p>Son si\u00e8ge se trouve \u00e0 Libreville au Gabon.<\/p>\n\n\n\n<h2 class=\"wp-block-heading\">Quelles sont nos missions ?<\/h2>\n\n\n\n<p>L\u2019IEF &#8211; P\u00f4le r\u00e9gional a pour missions de :<\/p>\n\n\n\n<ul class=\"wp-block-list\">\n<li>Former des cadres comp\u00e9tents et polyvalents de l\u2019administration \u00e9conomique et financi\u00e8re, notamment, des R\u00e9gies Financi\u00e8res des \u00c9tats-membres de la CEMAC\n<ul class=\"wp-block-list\">\n<li>En s\u00e9lectionnant les meilleurs formateurs : praticiens, experts, universitaires nationaux et internationaux de renom.<\/li>\n\n\n\n<li>En adaptant les enseignements au nouveau contexte de mondialisation par l\u2019introduction de nouvelles technologies, de nouvelles disciplines manag\u00e9riales et par des cycles de conf\u00e9rences.<\/li>\n\n\n\n<li>En mettant \u00e0 la disposition des \u00e9tudiants un \u00e9quipement p\u00e9dagogique moderne : parc informatique multim\u00e9dia \u2013 une biblioth\u00e8que sp\u00e9cialis\u00e9e et \u00e0 jour, etc.<\/li>\n<\/ul>\n<\/li>\n\n\n\n<li>Participer \u00e0 l\u2019\u00e9mergence d\u2019une ing\u00e9nierie \u00e9conomique et financi\u00e8re :\n<ul class=\"wp-block-list\">\n<li>En assurant une formation bas\u00e9e sur la transmission d\u2019un savoir-faire et sur une bonne connaissance des \u00e9conomies de la CEMAC.<\/li>\n\n\n\n<li>En int\u00e9grant une dimension professionnelle \u00e0 la formation par des partenariats entre l\u2019IEF \u2013 P\u00f4le r\u00e9gional, les administrations et entreprises.<\/li>\n\n\n\n<li>En contribuant efficacement au renouvellement des ressources humaines et au renforcement des capacit\u00e9s dans les administrations sous-r\u00e9gionales de la CEMAC.<\/li>\n<\/ul>\n<\/li>\n\n\n\n<li>Promouvoir l\u2019esprit communautaire et l\u2019int\u00e9gration r\u00e9gionale :\n<ul class=\"wp-block-list\">\n<li>En organisant des s\u00e9minaires de formations continues destin\u00e9s aux cadres de l\u2019Afrique Centrale.<\/li>\n\n\n\n<li>En d\u00e9veloppant une collaboration avec des instituts et centres de recherche et de formation sous-r\u00e9gionaux et internationaux.<\/li>\n<\/ul>\n<\/li>\n<\/ul>\n","protected":false},"excerpt":{"rendered":"<p>Qui sommes nous ? L\u2019IEF &#8211; P\u00f4le r\u00e9gional est une institution sp\u00e9cialis\u00e9e de la Communaut\u00e9 \u00c9conomique et Mon\u00e9taire de l\u2019Afrique Centrale (CEMAC), dans le domaine de la formation initiale et continue des personnels des administrations \u00e9conomiques et financi\u00e8res. Il a pour objectif de r\u00e9pondre aux besoins de performance et d\u2019efficacit\u00e9 de ces administrations par le [&hellip;]<\/p>\n","protected":false},"author":1,"featured_media":0,"parent":0,"menu_order":0,"comment_status":"closed","ping_status":"closed","template":"templates\/template-full-width.php","meta":{"footnotes":""},"class_list":["post-122","page","type-page","status-publish","hentry"],"_links":{"self":[{"href":"https:\/\/ief-cemac.org\/wpief\/index.php\/wp-json\/wp\/v2\/pages\/122","targetHints":{"allow":["GET"]}}],"collection":[{"href":"https:\/\/ief-cemac.org\/wpief\/index.php\/wp-json\/wp\/v2\/pages"}],"about":[{"href":"https:\/\/ief-cemac.org\/wpief\/index.php\/wp-json\/wp\/v2\/types\/page"}],"author":[{"embeddable":true,"href":"https:\/\/ief-cemac.org\/wpief\/index.php\/wp-json\/wp\/v2\/users\/1"}],"replies":[{"embeddable":true,"href":"https:\/\/ief-cemac.org\/wpief\/index.php\/wp-json\/wp\/v2\/comments?post=122"}],"version-history":[{"count":1,"href":"https:\/\/ief-cemac.org\/wpief\/index.php\/wp-json\/wp\/v2\/pages\/122\/revisions"}],"predecessor-version":[{"id":123,"href":"https:\/\/ief-cemac.org\/wpief\/index.php\/wp-json\/wp\/v2\/pages\/122\/revisions\/123"}],"wp:attachment":[{"href":"https:\/\/ief-cemac.org\/wpief\/index.php\/wp-json\/wp\/v2\/media?parent=122"}],"curies":[{"name":"wp","href":"https:\/\/api.w.org\/{rel}","templated":true}]}}